{"id":799,"date":"2021-09-10T21:33:27","date_gmt":"2021-09-10T21:33:27","guid":{"rendered":"https:\/\/mwagni.com\/?page_id=799"},"modified":"2024-03-25T20:30:27","modified_gmt":"2024-03-25T20:30:27","slug":"dasschaffstduauch","status":"publish","type":"page","link":"https:\/\/mwagni.com\/fr\/dasschaffstduauch\/","title":{"rendered":"#Dasschaffstduauch"},"content":{"rendered":"<div id=\"pl-799\"  class=\"panel-layout\" ><div id=\"pg-799-0\"  class=\"panel-grid panel-no-style\" ><div id=\"pgc-799-0-0\"  class=\"panel-grid-cell\" ><div id=\"panel-799-0-0-0\" class=\"so-panel widget widget_block panel-first-child\" data-index=\"0\" ><span style=\"text-align: center; font-size: 50px; font-family:poppins-extralight,poppins,sans-serif\">Empowerment-Kampagne f\u00fcr junge schwarze M\u00e4dchen in Deutschland<\/span><\/div><div id=\"panel-799-0-0-1\" class=\"so-panel widget widget_block panel-last-child\" data-index=\"1\" ><div><p style=\"font-size:20px; line-height:1.5em; text-align:justify\"><span style=\"color: RGB(238, 163, 2); font-weight:bold\"><span style=\"font-size:20px\"><span style=\"text-decoration:underline\">Schwarze Frauen sind im deutschen \u00f6ffentlichen Raum meistens unsichtbar.<\/span>&nbsp;<\/span><\/span><\/p>\n\n<p style=\"font-size:20px; line-height:1.4em; text-align:justify\"><span style=\"font-size:20px\">Im Gegensatz zu vielen anderen EU-L\u00e4ndern fehlt es allgemein in Deutschland noch sehr stark an der Repr\u00e4sentation von Schwarzen im \u00f6ffentlichen Raum.<\/span><\/p>\n\n\n<p class=\"font_8\" style=\"font-size:20px; line-height:1.5em; text-align:justify\"><span style=\"font-size:20px\">Schwarze Frauen stehen dabei an der Schnittstelle zweier Formen der Diskriminierung: Frausein und Schwarzsein.&nbsp;<\/span><\/p>\n\n<p class=\"font_8\" style=\"font-size:20px; line-height:1.5em; text-align:justify\"><span style=\"font-size:20px\">Mit diesem Projekt wollen wir die Sichtbarkeit von Schwarzen Frauen in der deutschen Gesellschaft verst\u00e4rken und das Bild der schwarzen Frau anders als in den gew\u00f6hnlichen Klischees darstellen&nbsp;<span style=\"text-decoration:underline\"><a href=\"https:\/\/rosa-mag.de\/schule-und-klischees-wie-die-hautfarbe-den-beruflichen-werdegang-bestimmt\/\" target=\"_blank\" rel=\"nofollow noopener\"><span style=\"font-size:20px\">(Schule und Klischees: Wie die Hautfarbe den beruflichen Werdegang bestimmt | RosaMag (rosa-mag.de)).<\/span><\/a><\/span><\/span><\/p>\n\n<p style=\"font-size:16px\"><a href=\"https:\/\/mediendienst-integration.de\/integration\/bildung.html\" target=\"_blank\" rel=\"nofollow noopener\">Quelle: <\/a><span style=\"text-decoration:underline\"><a href=\"https:\/\/mediendienst-integration.de\/integration\/bildung.html\" target=\"_blank\" rel=\"nofollow noopener\">Bildung\u202f|\u202fIntegration\u202f|\u202fZahlen und Fakten\u202f|\u202fMEDIENDIENST INTEGRATION (mediendienst-integration.de)<\/a><\/span>\u202f&nbsp;<\/p>\n\n<p class=\"font_8\" style=\"font-size:20px; line-height:1.5em; text-align:justify\"><span style=\"font-size:20px\"><span style=\"font-family:avenir-lt-w01_35-light1475496,avenir-lt-w05_35-light,sans-serif\"><span style=\"letter-spacing:0.01em\"><span style=\"color:#000000\">Es ist festzustellen, dass der gr\u00f6\u00dfte Teil der Gering-qualifizierten und Arbeitslosen in Deutschland aus Menschen mit Migrationshintergrund besteht und der Anteil an Frauen daran weiter zunimmt. Ein Grund daf\u00fcr ist der schlechte Schulabschluss der Sch\u00fcler*innen mit Migrationshintergrund.<\/span><\/span><\/span><\/span><\/p>\n\n<p style=\"color: RGB(238, 163, 2); font-size:20px\"><span style=\"text-decoration:underline\"><span style=\"font-weight:bold\"><span style=\"font-size:20px\">Welche Abschl\u00fcsse erreichen Schulabg\u00e4nger*innen?<\/span><\/span><\/span><\/p>\n\n<p class=\"font_8\" style=\"font-size:20px; line-height:1.5em; text-align:justify\"><span style=\"font-size:20px\">Ausl\u00e4ndische Sch\u00fcler*innen erreichen seltener das Abitur und brechen die Schule h\u00e4ufiger ab als Mitsch\u00fcler*innen mit deutschem Pass. Das schlechtere Abschneiden ist laut Fachleuten vor allem auf Benachteiligungen im Bildungssystem zur\u00fcckzuf\u00fchren. Zum einem sind Ausgangsbedingungen von menschen ohne deutschen Pass oft schlechter als die von deutschen Staatsb\u00fcrger*innen. Das ist unter anderem dann der Fall, wenn sie erst in der Schule Deutsch lernen. Zum anderen sind sie oft von Diskriminierung betroffen. Die Zweite Generation schneidet in der Schule deutlich besser ab.<\/span><\/p>\n\n<p class=\"font_8\" style=\"font-size:20px; line-height:1.5em; text-align:justify\"><span style=\"font-size:20px\">Zudem sind Lehrer*innen in Deutschland dreimal so oft geneigt, Kinder aus h\u00f6heren sozialen und \u00f6konomischen Schichten f\u00fcr das Gymnasium zu empfehlen. Das f\u00fchrt zu einer deutlichen Benachteiligung von Kindern mit Migrationshintergrund.&nbsp;<\/span><\/p>\n\n<p class=\"font_8\" style=\"font-size:16px\">Quelle:&nbsp;<span style=\"text-decoration:underline\"><a href=\"https:\/\/mediendienst-integration.de\/\" target=\"_blank\" rel=\"nofollow noopener\">https:\/\/mediendienst-integration.de<\/a><\/span><span style=\"font-size:20px\">&nbsp;<\/span><\/p><\/div>\n\n<div><wix-image id=\"img_comp-ksww30ou\" class=\"_1-6YJ _1Fe8-\" data-image-info=\"{&quot;containerId&quot;:&quot;comp-ksww30ou&quot;,&quot;displayMode&quot;:&quot;fill&quot;,&quot;imageData&quot;:{&quot;width&quot;:896,&quot;height&quot;:532,&quot;uri&quot;:&quot;c309ac_b034aba4eafc42609d734dce1ceb382f~mv2.jpg&quot;,&quot;name&quot;:&quot;image_edited.jpg&quot;,&quot;displayMode&quot;:&quot;fill&quot;}}\" data-bg-effect-name=\"\" data-is-svg=\"false\" data-is-svg-mask=\"false\" data-image-zoomed=\"\" data-has-ssr-src=\"\" data-src=\"https:\/\/static.wixstatic.com\/media\/c309ac_b034aba4eafc42609d734dce1ceb382f~mv2.jpg\/v1\/fill\/w_688,h_409,al_c,q_80,usm_0.66_1.00_0.01\/image_edited.webp\"><img decoding=\"async\" src=\"https:\/\/static.wixstatic.com\/media\/c309ac_b034aba4eafc42609d734dce1ceb382f~mv2.jpg\/v1\/fill\/w_688,h_409,al_c,q_80,usm_0.66_1.00_0.01\/image_edited.webp\" alt=\"image_edited.jpg\" style=\"width:688px;height:409px;object-fit:cover;object-position:50% 50%\"><\/wix-image><\/div>\n\n<div><p style=\"font-size:16px\"><span style=\"color:RGB(238, 163, 2); text-decoration:underline\"><span style=\"font-weight:bold\"><span style=\"font-size:20px\">Welche Zielgruppe m\u00f6chten wir durch diese Kampagne erreichen?<\/span><\/span><\/span><\/p>\n\n<p style=\"font-size: 20px; text-align: justify; line-height: 1.5em;\"><span style=\"font-size:20px;\">Diese Kampagne richtet sich nicht ausschlie\u00dflich an die Community von Schwarzen Menschen in Deutschland, sondern an alle benachteiligten Gruppen in der deutschen Gesellschaft, denn auch&nbsp;<span class=\"color_17\"><span style=\"font-weight:bold;\">#Duschaffstesauch!&nbsp;<\/span><\/span><\/span><\/p><\/div>\n\n<section><div><div><div><div><div><p class=\"font_8\" style=\"font-size:18px; line-height:1.6em; text-align:right\"><span><span style=\"color:RGB(238, 163, 2); font-family:signika,sans-serif\"><span style=\"font-weight:bold\"><span style=\"font-style:italic\"><span style=\"font-size:18px\">Mitten in der Pandemie des 20. Jahrhunderts wurde der Wissen-Gap und dadurch die<br>\nChancengleichheit in der Gro\u00dfstadt Berlin noch deutlicher erkennbar: Benachteiligte<br>\nGruppen werden st\u00e4rker vernachl\u00e4ssigt und diskriminiert. Die Ziele der nachhaltigen<br>\nEntwicklung (SDG) weisen uns den Weg in eine bessere Zukunft f\u00fcr alle. Sie reagieren<br>\nauf die globalen Herausforderungen, vor denen wir stehen, insbesondere im<br>\nZusammenhang mit Armut, Ungleichheit, Klima, Umweltzerst\u00f6rung, Frieden und<br>\nGerechtigkeit. Die Ziele sind miteinander verbunden und um keinen zur\u00fcckzulassen, ist<br>\nes wichtig, jeden von ihnen und jedes der 17 SDGs-Ziele bis 2030 zu erreichen. Mit<br>\ndieser Kampagne stehen die Ziele Nr. 5, 8 und 10 besonders im Vordergrund.<\/span><\/span><\/span><\/span><\/span><\/p><\/div><div id=\"comp-kqsjiepe\" class=\"_3mguU\"><div class=\"_34fGO\"><\/div><\/div><div id=\"comp-kqs3c3lm\" class=\"_1Q9if\" data-testid=\"richTextElement\"><p class=\"font_8\" style=\"font-size:20px; line-height:1.5em\"><span style=\"font-size:20px\"><span style=\"font-family:avenir-lt-w01_35-light1475496,avenir-lt-w05_35-light,sans-serif\"><span style=\"letter-spacing:0.01em\"><span style=\"color:#000000\">Ziel des Projektes ist es, schwarze Frauen f\u00fcr ihre beruflichen Chancen zu empowern. <\/span><\/span><\/span><\/span><\/p>\n\n<p class=\"font_8\" style=\"font-size:20px; line-height:1.5em\"><span style=\"font-size:20px\"><span style=\"font-family:avenir-lt-w01_35-light1475496,avenir-lt-w05_35-light,sans-serif\"><span style=\"letter-spacing:0.01em\"><span style=\"color:#000000\">Durch diese online Kampagne sollen junge M\u00e4dchen<br>\nmit Einwanderungsgeschichte ermutigt werden, sich f\u00fcr alle Berufe und nicht nur f\u00fcr<br>\nsogenannten <span style=\"font-style:italic\"><span style=\"font-weight:bold\">geringqualifizierten<\/span><\/span>&nbsp;Berufe zu interessieren. Zugleich wollen wir Eltern<br>\nmit Einwanderungsgeschichten auch darin sensibilisieren, ihre T\u00f6chter zu f\u00f6rdern und<br>\nzu unterst\u00fctzen.<\/span><\/span><\/span><\/span><\/p><\/div><div style=\"display:inline-block\"><div><img decoding=\"async\" src=\"https:\/\/static.wixstatic.com\/media\/2bf707_a0d897c5d023451ab8dfcd2bc291b3db~mv2.jpg\/v1\/fill\/w_156,h_156,al_c,q_80,usm_0.66_1.00_0.01\/csm_SDG5_34d7768154.webp\" alt=\"csm_SDG5_34d7768154.jpg\" style=\"width:156px;height:156px;object-fit:cover;object-position:50% 50%\"><\/div><\/div><div style=\"display:inline-block\"><div><img decoding=\"async\" src=\"https:\/\/static.wixstatic.com\/media\/2bf707_c63a734d7b5644559bf2b4d3395b2ddc~mv2.jpg\/v1\/fill\/w_156,h_157,al_c,q_80,usm_0.66_1.00_0.01\/csm_SDG8_33af14b365.webp\" alt=\"csm_SDG8_33af14b365.jpg\" style=\"width:156px;height:157px;object-fit:cover;object-position:50% 50%\"><\/div><\/div><div style=\"display:inline-block\"><div><img decoding=\"async\" src=\"https:\/\/static.wixstatic.com\/media\/2bf707_f83ca0e8ee6c4951bc6a0aee29eeab2e~mv2.png\/v1\/fill\/w_156,h_156,al_c,q_85,usm_0.66_1.00_0.01\/csm_10_3e1a729feb.webp\" alt=\"csm_10_3e1a729feb.png\" style=\"width:156px;height:156px;object-fit:cover;object-position:50% 50%\"><\/div><\/div><\/div><\/div><\/div><\/div><\/section>\n\n<section style=\"background: RGB(238, 163, 2);\"><div><div ><div><div><\/div><div><\/div><\/div><div><div><h2 class=\"font_2\" style=\"font-size:44px; text-align:center\"><span style=\"font-size:44px\"><span style=\"font-family:palatino linotype,serif\"><span style=\"color:#2A2A2A\">Die Projekttr\u00e4gerinnen<\/span><\/span><\/span><\/h2><\/div><div id=\"comp-kqs3gsxy\" class=\"_2UdPt\"><\/div><section id=\"comp-kqs3gsy2\" class=\"_3d64y\"><div id=\"bgLayers_comp-kqs3gsy2\" data-hook=\"bgLayers\" class=\"_3wnIc\"><div data-testid=\"colorUnderlay\" class=\"_3KzuS _3SQN-\"><\/div><div id=\"bgMedia_comp-kqs3gsy2\" class=\"_2GUhU\"><\/div><\/div><div data-testid=\"columns\" class=\"_1uldx\"><div id=\"comp-kqs3gsy4\" class=\"_1vNJf\"><div id=\"bgLayers_comp-kqs3gsy4\" data-hook=\"bgLayers\" class=\"_3wnIc\"><div data-testid=\"colorUnderlay\" class=\"_3KzuS _3SQN-\"><\/div><div id=\"bgMedia_comp-kqs3gsy4\" class=\"_2GUhU\"><\/div><\/div><div data-mesh-id=\"comp-kqs3gsy4inlineContent\" data-testid=\"inline-content\" class=\"\"><div data-mesh-id=\"comp-kqs3gsy4inlineContent-gridContainer\" data-testid=\"mesh-container-content\"><div id=\"comp-kqs3gsyf1\" class=\"u6LZO\" title=\"Patrick Ngono Abe\"><div data-testid=\"linkElement\" class=\"_31hZA\"><wix-image id=\"img_comp-kqs3gsyf1\" class=\"_1-6YJ -sXIe\" data-image-info=\"{&quot;containerId&quot;:&quot;comp-kqs3gsyf1&quot;,&quot;displayMode&quot;:&quot;fill&quot;,&quot;imageData&quot;:{&quot;width&quot;:1850,&quot;height&quot;:1828,&quot;uri&quot;:&quot;2bf707_be15a9c8efc34a47a7a1dea6453a2273~mv2.png&quot;,&quot;name&quot;:&quot;PHOTO-PATRICK.png&quot;,&quot;displayMode&quot;:&quot;fill&quot;}}\" data-bg-effect-name=\"\" data-is-svg=\"false\" data-is-svg-mask=\"false\" data-image-zoomed=\"\" data-has-ssr-src=\"\" data-src=\"https:\/\/static.wixstatic.com\/media\/2bf707_be15a9c8efc34a47a7a1dea6453a2273~mv2.png\/v1\/fill\/w_216,h_217,al_c,q_85,usm_0.66_1.00_0.01\/PHOTO-PATRICK.webp\"><img decoding=\"async\" src=\"https:\/\/static.wixstatic.com\/media\/2bf707_be15a9c8efc34a47a7a1dea6453a2273~mv2.png\/v1\/fill\/w_216,h_217,al_c,q_85,usm_0.66_1.00_0.01\/PHOTO-PATRICK.webp\" alt=\"PHOTO-PATRICK.png\" style=\"width:216px;height:217px;object-fit:cover;object-position:50% 50%\"><\/wix-image><\/div><\/div><div id=\"comp-kqs3gsy82\" class=\"_1Q9if\" data-testid=\"richTextElement\"><h1 class=\"font_0\" style=\"font-size:20px; line-height:0.8em; text-align:center\"><span style=\"font-size:20px\"><span style=\"font-family:didot-w01-italic,serif\"><span style=\"color:#0F0F0F\"><span style=\"font-weight:normal\">Patrick Ngono Abe<\/span><\/span><\/span><\/span><\/h1><\/div><div id=\"comp-kqs3gsy92\" class=\"_2O-Ry\"><ul class=\"xb9fU\" aria-label=\"Barre de r\u00e9seaux sociaux\"><li id=\"dataItem-kqs3gsya1-comp-kqs3gsy92\" class=\"_3lu8e\"><a data-testid=\"linkElement\" href=\"https:\/\/www.linkedin.com\/in\/patrick-ngono-abe-8b53b69b\/\" target=\"_blank\" rel=\"nofollow noopener\" class=\"_26AQd\"><wix-image id=\"img_0_comp-kqs3gsy92\" class=\"_1-6YJ uWpzU\" data-image-info=\"{&quot;containerId&quot;:&quot;dataItem-kqs3gsya1-comp-kqs3gsy92&quot;,&quot;displayMode&quot;:&quot;fill&quot;,&quot;imageData&quot;:{&quot;width&quot;:200,&quot;height&quot;:200,&quot;uri&quot;:&quot;22fa9ffe67ef4289a150e75a66ee4933.png&quot;,&quot;displayMode&quot;:&quot;fill&quot;}}\" data-has-bg-scroll-effect=\"\" data-bg-effect-name=\"\" data-is-svg=\"false\" data-is-svg-mask=\"false\" data-image-zoomed=\"\" data-has-ssr-src=\"\" data-src=\"https:\/\/static.wixstatic.com\/media\/22fa9ffe67ef4289a150e75a66ee4933.png\/v1\/fill\/w_42,h_42,al_c,q_85,usm_0.66_1.00_0.01\/22fa9ffe67ef4289a150e75a66ee4933.webp\"><img decoding=\"async\" alt=\"Patrick Ngono Abe\" style=\"width: 42px; height: 42px; object-fit: cover;\" src=\"https:\/\/static.wixstatic.com\/media\/22fa9ffe67ef4289a150e75a66ee4933.png\/v1\/fill\/w_42,h_42,al_c,q_85,usm_0.66_1.00_0.01\/22fa9ffe67ef4289a150e75a66ee4933.webp\"><\/wix-image><\/a><\/li><\/ul><\/div><div id=\"comp-kqs3gsyd1\" class=\"_1Q9if\" data-testid=\"richTextElement\"><p class=\"font_8\" style=\"font-size:16px\">Wurde 1985 in Kamerun geboren und kam 2005 nach Deutschland, um zu studieren.<br>\nSie gr\u00fcndete 2012 den gemeinn\u00fctzigen Verein Elikia e.V. mit dem Ziel, Integration und kulturelle Vielfalt aktiv zu f\u00f6rdern.&nbsp;<\/p>\n\n<p class=\"font_8\" style=\"font-size:16px\"><span class=\"wixGuard\">\u200b<\/span><\/p>\n\n<p class=\"font_8\" style=\"font-size:16px\">Nach 13 sch\u00f6nen Jahren in Berlin lebt die Mathematikerin heute in Hamburg, wo sie ihre Karriere sowie ihr soziales Engagement fortsetzt.&nbsp;<\/p><\/div><\/div><\/div><\/div><div id=\"comp-kqs3gsyg1\" class=\"_1vNJf\"><div id=\"bgLayers_comp-kqs3gsyg1\" data-hook=\"bgLayers\" class=\"_3wnIc\"><div data-testid=\"colorUnderlay\" class=\"_3KzuS _3SQN-\"><\/div><div id=\"bgMedia_comp-kqs3gsyg1\" class=\"_2GUhU\"><\/div><\/div><div data-mesh-id=\"comp-kqs3gsyg1inlineContent\" data-testid=\"inline-content\" class=\"\"><div data-mesh-id=\"comp-kqs3gsyg1inlineContent-gridContainer\" data-testid=\"mesh-container-content\"><div id=\"comp-kqs3ma1z\" class=\"_1Q9if\" data-testid=\"richTextElement\" data-angle=\"0\" data-angle-style-location=\"style\" style=\"visibility: inherit;\" data-screen-in-hide=\"done\"><p class=\"font_8\" style=\"font-size:20px; line-height:1.6em; text-align:center\"><span class=\"color_15\"><span style=\"font-size:20px\">Die Vereine \u201eMwagni\u201c und \u201eElikia\u201c haben es sich zur Mission gemacht, junge schwarze<br>\nM\u00e4dchen und Frauen zu motivieren, zu unterst\u00fctzen und fest an den eigenen Traumberuf zu<br>\nglauben und daran festzuhalten. <\/span><\/span><\/p>\n\n<p class=\"font_8\" style=\"font-size:20px; line-height:1.6em; text-align:center\"><span class=\"color_15\"><span style=\"font-size:20px\">\"<span style=\"font-weight:bold;\"><span style=\"font-style:italic;\">Wir haben uns diese Kampagne schon eine Weile<br>\nvorgestellt<\/span><\/span>\"<\/span><\/span><span class=\"color_15\"><span style=\"font-size:20px\">; <\/span><\/span><\/p>\n\n<p class=\"font_8\" style=\"font-size:20px; line-height:1.6em; text-align:center\"><span class=\"color_15\"><span style=\"font-size:20px\">aber die Pandemie war der Ausl\u00f6ser. Es gibt keinen besseren Zeitpunkt, um es<br>\njetzt durchzuf\u00fchren.<\/span><\/span><\/p><\/div><\/div><\/div><\/div><div id=\"comp-kqs3gsym\" class=\"_1vNJf\"><div id=\"bgLayers_comp-kqs3gsym\" data-hook=\"bgLayers\" class=\"_3wnIc\"><div data-testid=\"colorUnderlay\" class=\"_3KzuS _3SQN-\"><\/div><div id=\"bgMedia_comp-kqs3gsym\" class=\"_2GUhU\"><\/div><\/div><div data-mesh-id=\"comp-kqs3gsyminlineContent\" data-testid=\"inline-content\" class=\"\"><div data-mesh-id=\"comp-kqs3gsyminlineContent-gridContainer\" data-testid=\"mesh-container-content\"><div id=\"comp-kqs3gsyl\" class=\"u6LZO\" title=\"guy4.jpg\"><div data-testid=\"linkElement\" class=\"_31hZA\"><wix-image id=\"img_comp-kqs3gsyl\" class=\"_1-6YJ -sXIe\" data-image-info=\"{&quot;containerId&quot;:&quot;comp-kqs3gsyl&quot;,&quot;displayMode&quot;:&quot;fill&quot;,&quot;imageData&quot;:{&quot;width&quot;:1516,&quot;height&quot;:1622,&quot;uri&quot;:&quot;2bf707_8b68a68fee0d489cb88494951088e960~mv2.png&quot;,&quot;name&quot;:&quot;Dr-Noufele.png&quot;,&quot;displayMode&quot;:&quot;fill&quot;}}\" data-bg-effect-name=\"\" data-is-svg=\"false\" data-is-svg-mask=\"false\" data-image-zoomed=\"\" data-has-ssr-src=\"\" data-src=\"https:\/\/static.wixstatic.com\/media\/2bf707_8b68a68fee0d489cb88494951088e960~mv2.png\/v1\/fill\/w_216,h_217,al_c,q_85,usm_0.66_1.00_0.01\/Dr-Noufele.webp\"><img decoding=\"async\" src=\"https:\/\/static.wixstatic.com\/media\/2bf707_8b68a68fee0d489cb88494951088e960~mv2.png\/v1\/fill\/w_216,h_217,al_c,q_85,usm_0.66_1.00_0.01\/Dr-Noufele.webp\" alt=\"Dr-Noufele.png\" style=\"width:216px;height:217px;object-fit:cover;object-position:50% 50%\"><\/wix-image><\/div><\/div><div id=\"comp-kqs3gsyp2\" class=\"_1Q9if\" data-testid=\"richTextElement\"><h1 class=\"font_0\" style=\"font-size:20px; line-height:0.8em; text-align:center\"><span style=\"font-size:20px\"><span style=\"font-family:didot-w01-italic,serif\"><span style=\"color:#0F0F0F\"><span style=\"font-weight:normal\">Dr. Christelle Njiki Noufele<\/span><\/span><\/span><\/span><\/h1><\/div><div id=\"comp-kqs3gsyq1\" class=\"_2O-Ry\"><ul class=\"xb9fU\" aria-label=\"Barre de r\u00e9seaux sociaux\"><li id=\"dataItem-kqs3gsyq3-comp-kqs3gsyq1\" class=\"_3lu8e\"><a data-testid=\"linkElement\" href=\"https:\/\/www.linkedin.com\/in\/christelle-njiki-noufele-18854a45\/\" target=\"_blank\" rel=\"nofollow noopener\" class=\"_26AQd\"><wix-image id=\"img_0_comp-kqs3gsyq1\" class=\"_1-6YJ uWpzU\" data-image-info=\"{&quot;containerId&quot;:&quot;dataItem-kqs3gsyq3-comp-kqs3gsyq1&quot;,&quot;displayMode&quot;:&quot;fill&quot;,&quot;imageData&quot;:{&quot;width&quot;:200,&quot;height&quot;:200,&quot;uri&quot;:&quot;22fa9ffe67ef4289a150e75a66ee4933.png&quot;,&quot;displayMode&quot;:&quot;fill&quot;}}\" data-has-bg-scroll-effect=\"\" data-bg-effect-name=\"\" data-is-svg=\"false\" data-is-svg-mask=\"false\" data-image-zoomed=\"\" data-has-ssr-src=\"\" data-src=\"https:\/\/static.wixstatic.com\/media\/22fa9ffe67ef4289a150e75a66ee4933.png\/v1\/fill\/w_42,h_42,al_c,q_85,usm_0.66_1.00_0.01\/22fa9ffe67ef4289a150e75a66ee4933.webp\"><img decoding=\"async\" alt=\"Dr Christelle Njiki Noufele\" style=\"width: 42px; height: 42px; object-fit: cover;\" src=\"https:\/\/static.wixstatic.com\/media\/22fa9ffe67ef4289a150e75a66ee4933.png\/v1\/fill\/w_42,h_42,al_c,q_85,usm_0.66_1.00_0.01\/22fa9ffe67ef4289a150e75a66ee4933.webp\"><\/wix-image><\/a><\/li><\/ul><\/div><div id=\"comp-kqs3gsyr\" class=\"_1Q9if\" data-testid=\"richTextElement\"><p class=\"font_8\" style=\"font-size:16px\">Wurde 1985 in Kamerun geboren und kam 2002 nach Deutschland, um zu studieren.<br>\nDie Chemikerin und Mutter von drei Kindern ist seit Anfang des Jahres Leiterin des Radiopharmazielabors<br>\nbei Vivantes in Berlin. Sie engagiert sich mit dem Verein Mwagni e.V. in Berlin und in Ihrem<br>\nHeimatland mit dem Ziel,<br>\neinem Beitrag rund um die 17 SDGs der Agenda 2030, zu leisten.<\/p><\/div><\/div><\/div><\/div><\/div><\/section><\/div><\/div><\/div><\/div><\/section>\n\n<section><img decoding=\"async\" src=\"https:\/\/static.wixstatic.com\/media\/2bf707_e9fcf1932c5344d38dd3ea44bfacbb48~mv2.png\/v1\/fill\/w_600,h_127,al_c,q_85,usm_0.66_1.00_0.01\/LOGOS.webp\" alt=\"LOGOS.png\" style=\"width:600px;height:127px;object-fit:cover;object-position:50% 50%\"><\/section><\/div><\/div><\/div><\/div>","protected":false},"excerpt":{"rendered":"<p>Empowerment-Kampagne f\u00fcr junge schwarze M\u00e4dchen in DeutschlandSchwarze Frauen sind im deutschen \u00f6ffentlichen Raum meistens unsichtbar.&nbsp; Im Gegensatz zu vielen anderen EU-L\u00e4ndern fehlt es allgemein in Deutschland noch sehr stark an der Repr\u00e4sentation von Schwarzen im \u00f6ffentlichen Raum. Schwarze Frauen stehen<\/p>\n","protected":false},"author":1,"featured_media":0,"parent":0,"menu_order":0,"comment_status":"closed","ping_status":"closed","template":"","meta":{"footnotes":""},"class_list":["post-799","page","type-page","status-publish","hentry"],"yoast_head":"<!-- This site is optimized with the Yoast SEO plugin v27.5 - https:\/\/yoast.com\/product\/yoast-seo-wordpress\/ -->\n<title>#Dasschaffstduauch - mwagni e.V.<\/title>\n<meta name=\"robots\" content=\"index, follow, max-snippet:-1, max-image-preview:large, max-video-preview:-1\" \/>\n<link rel=\"canonical\" href=\"https:\/\/mwagni.com\/fr\/dasschaffstduauch\/\" \/>\n<meta property=\"og:locale\" content=\"fr_FR\" \/>\n<meta property=\"og:type\" content=\"article\" \/>\n<meta property=\"og:title\" content=\"#Dasschaffstduauch - mwagni e.V.\" \/>\n<meta property=\"og:description\" content=\"Empowerment-Kampagne f\u00fcr junge schwarze M\u00e4dchen in DeutschlandSchwarze Frauen sind im deutschen \u00f6ffentlichen Raum meistens unsichtbar.&nbsp; Im Gegensatz zu vielen anderen EU-L\u00e4ndern fehlt es allgemein in Deutschland noch sehr stark an der Repr\u00e4sentation von Schwarzen im \u00f6ffentlichen Raum. Schwarze Frauen stehen\" \/>\n<meta property=\"og:url\" content=\"https:\/\/mwagni.com\/fr\/dasschaffstduauch\/\" \/>\n<meta property=\"og:site_name\" content=\"mwagni e.V.\" \/>\n<meta property=\"article:modified_time\" content=\"2024-03-25T20:30:27+00:00\" \/>\n<meta name=\"twitter:card\" content=\"summary_large_image\" \/>\n<meta name=\"twitter:label1\" content=\"Dur\u00e9e de lecture estim\u00e9e\" \/>\n\t<meta name=\"twitter:data1\" content=\"4 minutes\" \/>\n<script type=\"application\/ld+json\" class=\"yoast-schema-graph\">{\"@context\":\"https:\\\/\\\/schema.org\",\"@graph\":[{\"@type\":\"WebPage\",\"@id\":\"https:\\\/\\\/mwagni.com\\\/fr\\\/dasschaffstduauch\\\/\",\"url\":\"https:\\\/\\\/mwagni.com\\\/fr\\\/dasschaffstduauch\\\/\",\"name\":\"#Dasschaffstduauch - mwagni e.V.\",\"isPartOf\":{\"@id\":\"https:\\\/\\\/mwagni.com\\\/fr\\\/#website\"},\"datePublished\":\"2021-09-10T21:33:27+00:00\",\"dateModified\":\"2024-03-25T20:30:27+00:00\",\"breadcrumb\":{\"@id\":\"https:\\\/\\\/mwagni.com\\\/fr\\\/dasschaffstduauch\\\/#breadcrumb\"},\"inLanguage\":\"fr-FR\",\"potentialAction\":[{\"@type\":\"ReadAction\",\"target\":[[\"https:\\\/\\\/mwagni.com\\\/fr\\\/dasschaffstduauch\\\/\"]]}]},{\"@type\":\"BreadcrumbList\",\"@id\":\"https:\\\/\\\/mwagni.com\\\/fr\\\/dasschaffstduauch\\\/#breadcrumb\",\"itemListElement\":[{\"@type\":\"ListItem\",\"position\":1,\"name\":\"Startseite\",\"item\":\"https:\\\/\\\/mwagni.com\\\/fr\\\/\"},{\"@type\":\"ListItem\",\"position\":2,\"name\":\"#Dasschaffstduauch\"}]},{\"@type\":\"WebSite\",\"@id\":\"https:\\\/\\\/mwagni.com\\\/fr\\\/#website\",\"url\":\"https:\\\/\\\/mwagni.com\\\/fr\\\/\",\"name\":\"mwagni e.V.\",\"description\":\"Bienvenue, Welcome, Willkommen, Seuk meubwo\",\"publisher\":{\"@id\":\"https:\\\/\\\/mwagni.com\\\/fr\\\/#organization\"},\"potentialAction\":[{\"@type\":\"SearchAction\",\"target\":{\"@type\":\"EntryPoint\",\"urlTemplate\":\"https:\\\/\\\/mwagni.com\\\/fr\\\/?s={search_term_string}\"},\"query-input\":{\"@type\":\"PropertyValueSpecification\",\"valueRequired\":true,\"valueName\":\"search_term_string\"}}],\"inLanguage\":\"fr-FR\"},{\"@type\":\"Organization\",\"@id\":\"https:\\\/\\\/mwagni.com\\\/fr\\\/#organization\",\"name\":\"mwagni e.V.\",\"url\":\"https:\\\/\\\/mwagni.com\\\/fr\\\/\",\"logo\":{\"@type\":\"ImageObject\",\"inLanguage\":\"fr-FR\",\"@id\":\"https:\\\/\\\/mwagni.com\\\/fr\\\/#\\\/schema\\\/logo\\\/image\\\/\",\"url\":\"https:\\\/\\\/mwagni.com\\\/wp-content\\\/uploads\\\/2021\\\/10\\\/cropped-cropped-logo_mwagni_e-final-e1743324475860.png\",\"contentUrl\":\"https:\\\/\\\/mwagni.com\\\/wp-content\\\/uploads\\\/2021\\\/10\\\/cropped-cropped-logo_mwagni_e-final-e1743324475860.png\",\"width\":150,\"height\":150,\"caption\":\"mwagni e.V.\"},\"image\":{\"@id\":\"https:\\\/\\\/mwagni.com\\\/fr\\\/#\\\/schema\\\/logo\\\/image\\\/\"}}]}<\/script>\n<!-- \/ Yoast SEO plugin. -->","yoast_head_json":{"title":"#Dasschaffstduauch - mwagni e.V.","robots":{"index":"index","follow":"follow","max-snippet":"max-snippet:-1","max-image-preview":"max-image-preview:large","max-video-preview":"max-video-preview:-1"},"canonical":"https:\/\/mwagni.com\/fr\/dasschaffstduauch\/","og_locale":"fr_FR","og_type":"article","og_title":"#Dasschaffstduauch - mwagni e.V.","og_description":"Empowerment-Kampagne f\u00fcr junge schwarze M\u00e4dchen in DeutschlandSchwarze Frauen sind im deutschen \u00f6ffentlichen Raum meistens unsichtbar.&nbsp; Im Gegensatz zu vielen anderen EU-L\u00e4ndern fehlt es allgemein in Deutschland noch sehr stark an der Repr\u00e4sentation von Schwarzen im \u00f6ffentlichen Raum. Schwarze Frauen stehen","og_url":"https:\/\/mwagni.com\/fr\/dasschaffstduauch\/","og_site_name":"mwagni e.V.","article_modified_time":"2024-03-25T20:30:27+00:00","twitter_card":"summary_large_image","twitter_misc":{"Dur\u00e9e de lecture estim\u00e9e":"4 minutes"},"schema":{"@context":"https:\/\/schema.org","@graph":[{"@type":"WebPage","@id":"https:\/\/mwagni.com\/fr\/dasschaffstduauch\/","url":"https:\/\/mwagni.com\/fr\/dasschaffstduauch\/","name":"#Dasschaffstduauch - mwagni e.V.","isPartOf":{"@id":"https:\/\/mwagni.com\/fr\/#website"},"datePublished":"2021-09-10T21:33:27+00:00","dateModified":"2024-03-25T20:30:27+00:00","breadcrumb":{"@id":"https:\/\/mwagni.com\/fr\/dasschaffstduauch\/#breadcrumb"},"inLanguage":"fr-FR","potentialAction":[{"@type":"ReadAction","target":[["https:\/\/mwagni.com\/fr\/dasschaffstduauch\/"]]}]},{"@type":"BreadcrumbList","@id":"https:\/\/mwagni.com\/fr\/dasschaffstduauch\/#breadcrumb","itemListElement":[{"@type":"ListItem","position":1,"name":"Startseite","item":"https:\/\/mwagni.com\/fr\/"},{"@type":"ListItem","position":2,"name":"#Dasschaffstduauch"}]},{"@type":"WebSite","@id":"https:\/\/mwagni.com\/fr\/#website","url":"https:\/\/mwagni.com\/fr\/","name":"mwagni e.V.","description":"Bienvenue, Welcome, Willkommen, Seuk meubwo","publisher":{"@id":"https:\/\/mwagni.com\/fr\/#organization"},"potentialAction":[{"@type":"SearchAction","target":{"@type":"EntryPoint","urlTemplate":"https:\/\/mwagni.com\/fr\/?s={search_term_string}"},"query-input":{"@type":"PropertyValueSpecification","valueRequired":true,"valueName":"search_term_string"}}],"inLanguage":"fr-FR"},{"@type":"Organization","@id":"https:\/\/mwagni.com\/fr\/#organization","name":"mwagni e.V.","url":"https:\/\/mwagni.com\/fr\/","logo":{"@type":"ImageObject","inLanguage":"fr-FR","@id":"https:\/\/mwagni.com\/fr\/#\/schema\/logo\/image\/","url":"https:\/\/mwagni.com\/wp-content\/uploads\/2021\/10\/cropped-cropped-logo_mwagni_e-final-e1743324475860.png","contentUrl":"https:\/\/mwagni.com\/wp-content\/uploads\/2021\/10\/cropped-cropped-logo_mwagni_e-final-e1743324475860.png","width":150,"height":150,"caption":"mwagni e.V."},"image":{"@id":"https:\/\/mwagni.com\/fr\/#\/schema\/logo\/image\/"}}]}},"_links":{"self":[{"href":"https:\/\/mwagni.com\/fr\/wp-json\/wp\/v2\/pages\/799","targetHints":{"allow":["GET"]}}],"collection":[{"href":"https:\/\/mwagni.com\/fr\/wp-json\/wp\/v2\/pages"}],"about":[{"href":"https:\/\/mwagni.com\/fr\/wp-json\/wp\/v2\/types\/page"}],"author":[{"embeddable":true,"href":"https:\/\/mwagni.com\/fr\/wp-json\/wp\/v2\/users\/1"}],"replies":[{"embeddable":true,"href":"https:\/\/mwagni.com\/fr\/wp-json\/wp\/v2\/comments?post=799"}],"version-history":[{"count":22,"href":"https:\/\/mwagni.com\/fr\/wp-json\/wp\/v2\/pages\/799\/revisions"}],"predecessor-version":[{"id":806,"href":"https:\/\/mwagni.com\/fr\/wp-json\/wp\/v2\/pages\/799\/revisions\/806"}],"wp:attachment":[{"href":"https:\/\/mwagni.com\/fr\/wp-json\/wp\/v2\/media?parent=799"}],"curies":[{"name":"wp","href":"https:\/\/api.w.org\/{rel}","templated":true}]}}